{"id":22,"date":"2022-07-01T11:10:26","date_gmt":"2022-07-01T09:10:26","guid":{"rendered":"http:\/\/www.ppt-hagen.de\/?page_id=22"},"modified":"2024-10-02T21:01:09","modified_gmt":"2024-10-02T19:01:09","slug":"ueber-uns","status":"publish","type":"page","link":"https:\/\/www.ppt-hagen.de\/start\/ueber-uns\/","title":{"rendered":"Vorstellung von mir"},"content":{"rendered":"\n<h1 class=\"wp-block-heading has-x-large-font-size\"><\/h1>\n\n\n\n<p><\/p>\n\n\n\n<p><\/p>\n\n\n\n<div class=\"wp-block-kadence-accordion alignnone\"><div class=\"kt-accordion-wrap kt-accordion-id22_4e401f-f7 kt-accordion-has-4-panes kt-active-pane-0 kt-accordion-block kt-pane-header-alignment-left kt-accodion-icon-style-arrow kt-accodion-icon-side-right\" style=\"max-width:none\"><div class=\"kt-accordion-inner-wrap\" data-allow-multiple-open=\"false\" data-start-open=\"none\">\n<div class=\"wp-block-kadence-pane kt-accordion-pane kt-accordion-pane-1 kt-pane22_e29f60-d4\"><div class=\"kt-accordion-header-wrap\"><button class=\"kt-blocks-accordion-header kt-acccordion-button-label-show\"><span class=\"kt-blocks-accordion-title-wrap\"><span class=\"kt-blocks-accordion-title\"><strong>Hilke Monschan<\/strong> M. Sc. <\/span><\/span><span class=\"kt-blocks-accordion-icon-trigger\"><\/span><\/button><\/div><div class=\"kt-accordion-panel kt-accordion-panel-hidden\"><div class=\"kt-accordion-panel-inner\">\n<figure class=\"wp-block-image size-full is-resized\"><img loading=\"lazy\" decoding=\"async\" width=\"800\" height=\"800\" src=\"https:\/\/www.ppt-hagen.de\/wp-content\/uploads\/2024\/01\/1565696278386.jpeg\" alt=\"\" class=\"wp-image-652\" style=\"width:282px;height:auto\" srcset=\"https:\/\/www.ppt-hagen.de\/wp-content\/uploads\/2024\/01\/1565696278386.jpeg 800w, https:\/\/www.ppt-hagen.de\/wp-content\/uploads\/2024\/01\/1565696278386-300x300.jpeg 300w, https:\/\/www.ppt-hagen.de\/wp-content\/uploads\/2024\/01\/1565696278386-150x150.jpeg 150w, https:\/\/www.ppt-hagen.de\/wp-content\/uploads\/2024\/01\/1565696278386-768x768.jpeg 768w\" sizes=\"auto, (max-width: 800px) 100vw, 800px\" \/><\/figure>\n\n\n\n<h4 class=\"wp-block-heading\">Studium<\/h4>\n\n\n\n<div class=\"wp-block-group is-vertical is-content-justification-left is-layout-flex wp-container-core-group-is-layout-dd225191 wp-block-group-is-layout-flex\">\n<p><strong>Bachelor und Masterstudium der Psychologie<\/strong> (Universit\u00e4t Trier) <br>Schwerpunkte: \u201eKlinische Psychologie, Gesundheitspsychologie, Psychotherapieforschung\u201c und \u201eArbeits-und Organisationspsychologie, Stressoren und Ressourcen\u201c<\/p>\n<\/div>\n\n\n\n<p><strong>Approbation als Psychologische Psychotherapeutin <\/strong><br><strong>und Eintragung in das Arztregister<\/strong>&nbsp;&nbsp;&nbsp;&nbsp;&nbsp;<br>Zusatzqualifikation zur Durchf\u00fchrung von Gruppenpsychotherapien<br>Zusatzqualifikation zur Durchf\u00fchrung von Entspannungstechniken<br>(Progressive Muskelrelaxation nach Jacobsen, Autogenes Training)<\/p>\n\n\n\n<h4 class=\"wp-block-heading\">Berufliche Erfahrungen<\/h4>\n\n\n\n<p><strong>Ausbildung <\/strong>zur<strong> Industriekauffrau mit EU Kompetenz<\/strong> <br><br><strong>Personalmitarbeiterin<\/strong><\/p>\n\n\n\n<p>T\u00e4tigkeitsschwerpunkte:<\/p>\n\n\n\n<ul class=\"wp-block-list\">\n<li>Betreuung, Beratung und Unterst\u00fctzung von F\u00fchrungskr\u00e4ften und Mitarbeitern bei HR-relevanten Themen<\/li>\n\n\n\n<li>Sicherstellung der Gehaltsabrechnung<\/li>\n\n\n\n<li>Durchf\u00fchrung von Einf\u00fchrungsveranstaltungen f\u00fcr neue Mitarbeiter&nbsp;<\/li>\n\n\n\n<li>Betreuung von Mitarbeitern an ausl\u00e4ndischen Standorten und Betreuung der Auszubildenden im Bereich<\/li>\n\n\n\n<li>Zusammenarbeit und Kommunikation (englisch\/deutsch) mit internen und externen Schnittstellen wie Krankenkassen und Versicherungen<\/li>\n\n\n\n<li>Erstellung und Steuerung des Arbeitszeitreportings, inklusive F\u00fchren von Mitarbeitergespr\u00e4chen unter Einbindung von F\u00fchrungskr\u00e4ften sowie des Betriebsrates<\/li>\n\n\n\n<li>Entwicklung, Durchf\u00fchrung und Steuerung eines Prozesses zur Beurteilung von Mitarbeitern w\u00e4hrend der Probezeit<\/li>\n<\/ul>\n\n\n\n<p><strong>Psychiatrische Klinik: Kliniken Essen-Mitte<\/strong> Praktikum<\/p>\n\n\n\n<p><strong>Psychiatrische Klinik: Stationspsychologin, Klinikum Niederberg, Velbert <\/strong> <br>Psychologische Psychotherapeutin (in Ausbildung): <\/p>\n\n\n\n<p>T\u00e4tigkeitsschwerpunkte:<\/p>\n\n\n\n<ul class=\"wp-block-list\">\n<li>Stationspsychologin einer offenen Aufnahme-und Entlassungsstation Akut-und Regelpsychiatrie<\/li>\n\n\n\n<li>Anamnesen, Diagnostik und Behandlung von Patienten mit Schizophrenien, PTBS, Bipolaren Erkrankungen, Psychosen, Depressionen, Pers\u00f6nlichkeitsst\u00f6rungen, Demenz, Suchterkrankungen<\/li>\n\n\n\n<li>Indikationsstellung, Planung, Durchf\u00fchrung von Therapien<\/li>\n\n\n\n<li>Zusammenarbeit mit Sozialarbeiterin, Betreuern, Durchf\u00fchrung sozialpsychiatrischer Planung<\/li>\n\n\n\n<li>Leitung von konflikt-und themenzentrierten Gruppen (TEK; GSK z.B.)<\/li>\n\n\n\n<li>F\u00fchren von Partner-und Familiengespr\u00e4chen<\/li>\n\n\n\n<li>Leitung einer Gruppe f\u00fcr Angeh\u00f6rige psychisch erkrankter Menschen<\/li>\n<\/ul>\n\n\n\n<p><strong>Psychologin, Zentrum f\u00fcr Psychotherapie Bochum <\/strong> <br>Psychologische Psychotherapeutin (in Ausbildung)<\/p>\n\n\n\n<ul class=\"wp-block-list\">\n<li>Durchf\u00fchrung aller psychotherapeutischen T\u00e4tigkeiten, inklusive Diagnostik, Planung, Antragsstellung<\/li>\n\n\n\n<li>Durchf\u00fchrung von Beratungen und Sprechstunden<\/li>\n\n\n\n<li>Virtual Reality Therapie zur Behandlung von Angstpatienten<\/li>\n\n\n\n<li>Mitarbeit im Krisendienst des Zentrums und Durchf\u00fchrung von Krisengespr\u00e4chen&nbsp;<\/li>\n\n\n\n<li>Behandlung von essgest\u00f6rten PatientInnen im Rahmen eines spezifischen Forschungsprojektes<\/li>\n\n\n\n<li>Durchf\u00fchrung verschiedener therapeutischer Konzepte:\n<ul class=\"wp-block-list\">\n<li>Schematherapie<\/li>\n\n\n\n<li>St\u00f6rungsspezifische Behandlungen\n<ul class=\"wp-block-list\">\n<li>z.B. Angstbehandlungen; Behandlung von Pers\u00f6nlichkeitsst\u00f6rungen, Essst\u00f6rungen; Ressourcenorientierte Therapie, Krisenintervention, DBT<\/li>\n<\/ul>\n<\/li>\n<\/ul>\n<\/li>\n<\/ul>\n\n\n\n<p><strong>Psychologische Psychotherapeutin<\/strong>: <strong>Praxis f\u00fcr Psychotherapie,<\/strong> <br><strong>Dortmund Kurl-Husen <\/strong> <br>Selbstst\u00e4ndige Mitarbeiterin<\/p>\n\n\n\n<p><strong>Psychologin und Psychotherapeutin<\/strong>: <strong>Universit\u00e4tsklinik Z\u00fcrich<\/strong>, Schweiz<br><strong>Tagesklinik f\u00fcr Depressionen und Angsterkrankungen<\/strong> <br>CBASP Therapeutin <\/p>\n\n\n\n<p><strong>Seit 2022 Niedergelassen in eigener Praxis f\u00fcr Psychotherapie Hagen Boele<\/strong> mit Kassenzulassung (Abrechnung Gesetzlicher Versicherter)<\/p>\n\n\n\n<p><\/p>\n\n\n\n<h4 class=\"wp-block-heading\">Mitgliedschaften<\/h4>\n\n\n\n<ul class=\"wp-block-list\">\n<li>Deutsche Gesellschaft f\u00fcr Verhaltenstherapie DGVT e.V.<\/li>\n\n\n\n<li>DGVT- Berufsverband e.V.<\/li>\n\n\n\n<li>Psychotherapeutenkammer Nordrhein-Westfalen<\/li>\n<\/ul>\n<\/div><\/div><\/div>\n<\/div><\/div><\/div>\n","protected":false},"excerpt":{"rendered":"","protected":false},"author":1,"featured_media":0,"parent":0,"menu_order":4,"comment_status":"closed","ping_status":"closed","template":"","meta":{"_monsterinsights_skip_tracking":false,"_monsterinsights_sitenote_active":false,"_monsterinsights_sitenote_note":"","_monsterinsights_sitenote_category":0,"footnotes":""},"class_list":["post-22","page","type-page","status-publish","hentry"],"aioseo_notices":[],"_links":{"self":[{"href":"https:\/\/www.ppt-hagen.de\/start\/wp-json\/wp\/v2\/pages\/22","targetHints":{"allow":["GET"]}}],"collection":[{"href":"https:\/\/www.ppt-hagen.de\/start\/wp-json\/wp\/v2\/pages"}],"about":[{"href":"https:\/\/www.ppt-hagen.de\/start\/wp-json\/wp\/v2\/types\/page"}],"author":[{"embeddable":true,"href":"https:\/\/www.ppt-hagen.de\/start\/wp-json\/wp\/v2\/users\/1"}],"replies":[{"embeddable":true,"href":"https:\/\/www.ppt-hagen.de\/start\/wp-json\/wp\/v2\/comments?post=22"}],"version-history":[{"count":102,"href":"https:\/\/www.ppt-hagen.de\/start\/wp-json\/wp\/v2\/pages\/22\/revisions"}],"predecessor-version":[{"id":687,"href":"https:\/\/www.ppt-hagen.de\/start\/wp-json\/wp\/v2\/pages\/22\/revisions\/687"}],"wp:attachment":[{"href":"https:\/\/www.ppt-hagen.de\/start\/wp-json\/wp\/v2\/media?parent=22"}],"curies":[{"name":"wp","href":"https:\/\/api.w.org\/{rel}","templated":true}]}}